{"id":2,"date":"2008-01-03T16:33:39","date_gmt":"2008-01-03T15:33:39","guid":{"rendered":""},"modified":"2019-02-24T23:47:49","modified_gmt":"2019-02-24T22:47:49","slug":"ueber_mich","status":"publish","type":"page","link":"https:\/\/www.kobler-margreid.com\/blog\/ueber_mich\/","title":{"rendered":"About me"},"content":{"rendered":"<p><img loading=\"lazy\" decoding=\"async\" style=\"border: 0pt none; margin: 0px; vertical-align: top;\" src=\"http:\/\/www.kobler-margreid.com\/blog\/wp-content\/2008\/03\/2007-09-29_19-07-29a5003.jpg\" alt=\"Trester Merlot 07\" width=\"500\" height=\"343\" \/><\/p>\n<p>Sich selbst zu beschreiben ist f\u00fcr die allermeisten von uns sicherlich schwierig, und dabei bin ich keine Ausnahme. Zu ein paar Zugest\u00e4ndnissen bin ich aber trotzdem bereit, vielleicht erleichtern diese das Verst\u00e4ndnis meiner im Blog und sonst wo dargelegten Meinungen.<\/p>\n<p><em>Descriversi per la maggior parte di noi non \u00e8 facile. Lo voglio comunque provare, nella speranza che alcune note biografiche aiutino a capire meglio le mie riflessioni esposte sul mio blog.<br \/>\n<\/em><\/p>\n<p>Meine \u00f6nologische Sozialisation fand relativ sp\u00e4t statt, im zweiten Studienabschnitt meines Landwirtschaftsstudiums an der <a title=\"BOKU Wien\" href=\"http:\/\/www.boku.ac.at\" target=\"_blank\" rel=\"noopener noreferrer\">BOKU Wien<\/a>, bei den Vorlesungen bei Prof. Johann Haushofer. Die Diplomarbeit bei Prof. <a title=\"Helmuth Redl, Integrierte Produktion und Qualit\u00e4tsoptimierung im Obst- und Weinbau\" href=\"http:\/\/www.dapp.boku.ac.at\/ag25.html\">Helmut Redl<\/a> festigte mein Interesse in der Materie, eine bei ihm begonnene Doktorarbeit blieb aus verschiedenen Gr\u00fcnden dummerweise ein Fragment. Kellerwirtschaftlich ungenutzt blieb leider die vorangegangene Matura in <a title=\"Istituto Agrario San Michele a\/A\" href=\"http:\/\/www.iasma.it\" target=\"_blank\" rel=\"noopener noreferrer\">San Michele<\/a>, da ich mich zu jener Zeit dem Obstbau verschrieben hatte.<\/p>\n<p><em>La mia socializzazione enologica avvenne piuttosto tardi, nel corso degli studi di Scienze agrarie all\u2019<a title=\"BOKU Wien\" href=\"http:\/\/www.boku.ac.at\" target=\"_blank\" rel=\"noopener noreferrer\">Universit\u00e0 di Vienna<\/a>, durante le lezioni di Prof. Johann Haushofer. La tesi di laurea dal Prof. <a title=\"Helmuth Redl, Integrierte Produktion und Qualit\u00e4tsoptimierung im Obst- und Weinbau\" href=\"http:\/\/www.dapp.boku.ac.at\/ag25.html\">Helmut Redl<\/a> ha rafforzato il mio interesse per la materia. L\u2019iniziato dottorato di ricerca sfortunatamente rimase solo un frammento. La maturit\u00e0 conseguita all\u2019<a title=\"Istituto Agrario San Michele a\/A\" href=\"http:\/\/www.iasma.it\" target=\"_blank\" rel=\"noopener noreferrer\">Istituo Agrario<\/a> di S. Michele all\u2019Adige non la potei utilizzare dal punto di vista del vino, in quanto in quei tempi mi dedicai di pi\u00f9 alla frutticoltura. <\/em><em><br \/>\n<\/em><\/p>\n<p>Als frischgebackener Dipl.-Ing der Landwirtschaft, Fachrichtung Pflanzenproduktion, praktizierte ich eine Vinifizierung lang bei <a title=\"Kellerei Zemmer Kurtinig\" href=\"http:\/\/www.zemmer.com\/home.html\">Helmut Zemmer<\/a> in Kurtinig bevor ich in der <a title=\"Sektion KW im Vz Laimburg\" href=\"http:\/\/www.laimburg.it\/de\/kellerwirtschaft.asp\" target=\"_blank\" rel=\"noopener noreferrer\">Sektion Kellerwirtschaft<\/a> des Versuchszentrums Laimburg die bis August 2009 andauernde, spannende Anstellung als Versuchsansteller fand. Mein damaliger Chef war der jetztige Winzerkollege <a title=\"Martin Aurich, Unterortl\" href=\"http:\/\/www.unterortl.it\">Martin Aurich<\/a>.<\/p>\n<p><em>Come neolaureato in Scienze agrarie, specializzato in produzione vegetale, feci un tirocinio presso la cantina di <a title=\"Kellerei Zemmer Kurtinig\" href=\"http:\/\/www.zemmer.com\/home.html\">Helmut Zemmer<\/a> a Cortina prima di trovare al Centro sperimentale Laimburg, <a title=\"Centro Sperimentale Laimburg: Sezione Enologia\" href=\"http:\/\/www.laimburg.it\/it\/enologia\/446.asp\" target=\"_blank\" rel=\"noopener noreferrer\">sezione enologia<\/a>, l\u2019 impiego molto appassionante come sperimentatore enologico che \u00e8 durato fino all&#8217;agosto 2009. Il mio capo di allora, <a title=\"Martin Aurich, Unterortl\" href=\"http:\/\/www.unterortl.it\">Martin Aurich<\/a>, \u00e8 oggi un collega vignaiolo.<\/em><\/p>\n<p>Die Mikrovinifikation von der Arbeit im Versuchszentrum beherrschend, habe ich f\u00fcr den Eigenbedarf seit 1993 Trauben der familieneigenen Weing\u00e4rten zu kleinsten Mengen Wein verarbeitet. Dabei bemerkte ich, dass mein Vater Erich, den den Obst- und Weinbaubetrieb in den 50er-Jahren gr\u00fcndete, beim Erwerb der Weing\u00e4rten eine gl\u00fcckliche Hand hatte. Das ist schon deshalb bemerkenswert, da zuvor am Hof noch nie Wein ausgebaut wurde\u00a0 &#8211; Mitglieder der Kellerei <a title=\"Kellerei Nals-Margreid\" href=\"http:\/\/www.kellerei.it\/de\/\">Nals-Margreid<\/a> und Lieferanten von <a href=\"http:\/\/www.aloislageder.eu\" target=\"_blank\" rel=\"noopener noreferrer\">Alois Lageder<\/a> zuerst, sp\u00e4ter dann der <a title=\"Kellerei Kurtatsch\" href=\"http:\/\/www.kellerei-kurtatsch.it\">Kellerei Kurtatsch<\/a> &#8211; und er selbst keinen Wein trinkt.<\/p>\n<p><em>Con alcuni anni di esperienza di microvinificazioni alle spalle, ho iniziato nel 1993 a vinificare piccolissime quantit\u00e0 di uva proveniente dai vigneti di famiglia. Nel corso di queste prove ho notato che mio padre, che fond\u00f2 l\u2019azienda negli anni 1950, ha avuto un colpo di fortuna nell\u2019acquisto dei vigneti. Questo \u00e8 degno di nota anche per il fatto, che mai prima in azienda venne prodotto vino in quanto inizialmente eravamo soci della Cantina di <a title=\"Kellerei Nals-Margreid\" href=\"http:\/\/www.kellerei.it\/de\/\">Nalles-Magr\u00e8<\/a> e conferitori di\u00a0<a href=\"http:\/\/www.aloislageder.eu\" target=\"_blank\" rel=\"noopener noreferrer\">Alois Lageder<\/a> poi della <a title=\"Kellerei Kurtatsch\" href=\"http:\/\/www.kellerei-kurtatsch.it\">Cantina di Cortaccia<\/a> e in pi\u00f9 mio padre \u00e8 anche completamente astemio. <\/em><\/p>\n<p>Seit 2006 gibt es offiziell Weine vom <em>weinhof KOBLER<\/em> und die Arbeit von der Traube zum (verkauften) Wein hat schon was spezielles an sich. Die Weinwelt ist in den letzten Jahren interessanter geworden. Sie ist schillernder aber in einem gewissen Sinn auch scheinheiliger geworden. Neben n\u00fcchternen Ergebnissen wissenschaftlicher Arbeit suchen sich zunehmend auch esoterische Ansichten ihren Platz. Der Wein ein Spiegelbild unserer Gesellschaft? \u00dcber Wein(e) sprechen zu k\u00f6nnen, ist f\u00fcr viele Leute heute wichtig geworden. Ich bin der Ansicht, dass sich der Konsument m\u00f6glichst selbst eine Meinung bilden soll. Die Wissensgrundlage dazu, neben der wichtigen eigenen Erfahrung, soll sich aber nicht im Lesen von Hochglanzmagazinen und Weinf\u00fchrern ersch\u00f6pfen. Jenseits davon gibt es den Berater, Weinforscher und Produzenten, diese sind in jedem Fall &#8222;dem Wein ganz nah&#8220;.<\/p>\n<p><em>Nel 2006 ho aperto la mia cantina <\/em>weinhof KOBLER<em> e devo dire che la trasformazione di uva in vino (venduto) \u00e8 un lavoro molto particolare. Il mondo del vino ultimamente \u00e8 diventato sempre pi\u00f9 interessante, pi\u00f9 scintillante ma in un certo senso anche pi\u00f9 ipocrita. Oltre agli sobrii esiti di lavori scientifici trovano sempre pi\u00f9 spazio anche fattori esoterici. Il vino come specchio della nostra societ\u00e0? Riuscire a parlare di vino \u00e8 diventato per tante persone una cosa molto importante. Sono per\u00f2 del parere che il consumatore debba farsi una propria opinione. Come fonti di informazione non dovrebbero solo servire guide e riviste. Al di l\u00e0 di queste c\u2019\u00e8 il consulente, il ricercatore e il produttore, tutti questi sono in ogni caso \u201eall\u2019interno del vino\u201c.<\/em><\/p>\n<p>Armin Kobler<\/p>\n","protected":false},"excerpt":{"rendered":"<p>Sich selbst zu beschreiben ist f\u00fcr die allermeisten von uns sicherlich schwierig, und dabei bin ich keine Ausnahme. Zu ein paar Zugest\u00e4ndnissen bin ich aber trotzdem bereit, vielleicht erleichtern diese das Verst\u00e4ndnis meiner im Blog und sonst wo dargelegten Meinungen. &hellip; <a href=\"https:\/\/www.kobler-margreid.com\/blog\/ueber_mich\/\">Weiterlesen <span class=\"meta-nav\">&rarr;<\/span><\/a><\/p>\n","protected":false},"author":1,"featured_media":0,"parent":0,"menu_order":0,"comment_status":"closed","ping_status":"closed","template":"","meta":{"ngg_post_thumbnail":0,"footnotes":"","_links_to":"","_links_to_target":""},"class_list":["post-2","page","type-page","status-publish","hentry"],"yoast_head":"<!-- This site is optimized with the Yoast SEO plugin v27.5 - https:\/\/yoast.com\/product\/yoast-seo-wordpress\/ -->\n<title>About me - weinhof KOBLER weblog<\/title>\n<meta name=\"robots\" content=\"index, follow, max-snippet:-1, max-image-preview:large, max-video-preview:-1\" \/>\n<link rel=\"canonical\" href=\"https:\/\/www.kobler-margreid.com\/blog\/ueber_mich\/\" \/>\n<meta property=\"og:locale\" content=\"de_DE\" \/>\n<meta property=\"og:type\" content=\"article\" \/>\n<meta property=\"og:title\" content=\"About me - weinhof KOBLER weblog\" \/>\n<meta property=\"og:description\" content=\"Sich selbst zu beschreiben ist f\u00fcr die allermeisten von uns sicherlich schwierig, und dabei bin ich keine Ausnahme. Zu ein paar Zugest\u00e4ndnissen bin ich aber trotzdem bereit, vielleicht erleichtern diese das Verst\u00e4ndnis meiner im Blog und sonst wo dargelegten Meinungen. &hellip; Weiterlesen &rarr;\" \/>\n<meta property=\"og:url\" content=\"https:\/\/www.kobler-margreid.com\/blog\/ueber_mich\/\" \/>\n<meta property=\"og:site_name\" content=\"weinhof KOBLER weblog\" \/>\n<meta property=\"article:publisher\" content=\"https:\/\/www.facebook.com\/armin.kobler\/\" \/>\n<meta property=\"article:modified_time\" content=\"2019-02-24T22:47:49+00:00\" \/>\n<meta property=\"og:image\" content=\"http:\/\/www.kobler-margreid.com\/blog\/wp-content\/2008\/03\/2007-09-29_19-07-29a5003.jpg\" \/>\n<meta name=\"twitter:card\" content=\"summary_large_image\" \/>\n<meta name=\"twitter:label1\" content=\"Gesch\u00e4tzte Lesezeit\" \/>\n\t<meta name=\"twitter:data1\" content=\"4\u00a0Minuten\" \/>\n<script type=\"application\/ld+json\" class=\"yoast-schema-graph\">{\"@context\":\"https:\\\/\\\/schema.org\",\"@graph\":[{\"@type\":\"WebPage\",\"@id\":\"https:\\\/\\\/www.kobler-margreid.com\\\/blog\\\/ueber_mich\\\/\",\"url\":\"https:\\\/\\\/www.kobler-margreid.com\\\/blog\\\/ueber_mich\\\/\",\"name\":\"About me - weinhof KOBLER weblog\",\"isPartOf\":{\"@id\":\"https:\\\/\\\/www.kobler-margreid.com\\\/blog\\\/#website\"},\"primaryImageOfPage\":{\"@id\":\"https:\\\/\\\/www.kobler-margreid.com\\\/blog\\\/ueber_mich\\\/#primaryimage\"},\"image\":{\"@id\":\"https:\\\/\\\/www.kobler-margreid.com\\\/blog\\\/ueber_mich\\\/#primaryimage\"},\"thumbnailUrl\":\"http:\\\/\\\/www.kobler-margreid.com\\\/blog\\\/wp-content\\\/2008\\\/03\\\/2007-09-29_19-07-29a5003.jpg\",\"datePublished\":\"2008-01-03T15:33:39+00:00\",\"dateModified\":\"2019-02-24T22:47:49+00:00\",\"breadcrumb\":{\"@id\":\"https:\\\/\\\/www.kobler-margreid.com\\\/blog\\\/ueber_mich\\\/#breadcrumb\"},\"inLanguage\":\"de\",\"potentialAction\":[{\"@type\":\"ReadAction\",\"target\":[\"https:\\\/\\\/www.kobler-margreid.com\\\/blog\\\/ueber_mich\\\/\"]}]},{\"@type\":\"ImageObject\",\"inLanguage\":\"de\",\"@id\":\"https:\\\/\\\/www.kobler-margreid.com\\\/blog\\\/ueber_mich\\\/#primaryimage\",\"url\":\"http:\\\/\\\/www.kobler-margreid.com\\\/blog\\\/wp-content\\\/2008\\\/03\\\/2007-09-29_19-07-29a5003.jpg\",\"contentUrl\":\"http:\\\/\\\/www.kobler-margreid.com\\\/blog\\\/wp-content\\\/2008\\\/03\\\/2007-09-29_19-07-29a5003.jpg\"},{\"@type\":\"BreadcrumbList\",\"@id\":\"https:\\\/\\\/www.kobler-margreid.com\\\/blog\\\/ueber_mich\\\/#breadcrumb\",\"itemListElement\":[{\"@type\":\"ListItem\",\"position\":1,\"name\":\"Startseite\",\"item\":\"https:\\\/\\\/www.kobler-margreid.com\\\/blog\\\/\"},{\"@type\":\"ListItem\",\"position\":2,\"name\":\"About me\"}]},{\"@type\":\"WebSite\",\"@id\":\"https:\\\/\\\/www.kobler-margreid.com\\\/blog\\\/#website\",\"url\":\"https:\\\/\\\/www.kobler-margreid.com\\\/blog\\\/\",\"name\":\"weinhof KOBLER weblog\",\"description\":\"dem wein ganz nah \u2013 all&#039;interno del vino\",\"publisher\":{\"@id\":\"https:\\\/\\\/www.kobler-margreid.com\\\/blog\\\/#\\\/schema\\\/person\\\/6a2290c17f680f59c1fa7e1c7a36df3a\"},\"potentialAction\":[{\"@type\":\"SearchAction\",\"target\":{\"@type\":\"EntryPoint\",\"urlTemplate\":\"https:\\\/\\\/www.kobler-margreid.com\\\/blog\\\/?s={search_term_string}\"},\"query-input\":{\"@type\":\"PropertyValueSpecification\",\"valueRequired\":true,\"valueName\":\"search_term_string\"}}],\"inLanguage\":\"de\"},{\"@type\":[\"Person\",\"Organization\"],\"@id\":\"https:\\\/\\\/www.kobler-margreid.com\\\/blog\\\/#\\\/schema\\\/person\\\/6a2290c17f680f59c1fa7e1c7a36df3a\",\"name\":\"armin kobler\",\"image\":{\"@type\":\"ImageObject\",\"inLanguage\":\"de\",\"@id\":\"https:\\\/\\\/www.kobler-margreid.com\\\/blog\\\/wp-content\\\/2023\\\/11\\\/2012-05-08_09-33-03a.jpg\",\"url\":\"https:\\\/\\\/www.kobler-margreid.com\\\/blog\\\/wp-content\\\/2023\\\/11\\\/2012-05-08_09-33-03a.jpg\",\"contentUrl\":\"https:\\\/\\\/www.kobler-margreid.com\\\/blog\\\/wp-content\\\/2023\\\/11\\\/2012-05-08_09-33-03a.jpg\",\"width\":1088,\"height\":1184,\"caption\":\"armin kobler\"},\"logo\":{\"@id\":\"https:\\\/\\\/www.kobler-margreid.com\\\/blog\\\/wp-content\\\/2023\\\/11\\\/2012-05-08_09-33-03a.jpg\"},\"sameAs\":[\"http:\\\/\\\/www.kobler-margreid.com\",\"https:\\\/\\\/www.facebook.com\\\/armin.kobler\\\/\"]}]}<\/script>\n<!-- \/ Yoast SEO plugin. -->","yoast_head_json":{"title":"About me - weinhof KOBLER weblog","robots":{"index":"index","follow":"follow","max-snippet":"max-snippet:-1","max-image-preview":"max-image-preview:large","max-video-preview":"max-video-preview:-1"},"canonical":"https:\/\/www.kobler-margreid.com\/blog\/ueber_mich\/","og_locale":"de_DE","og_type":"article","og_title":"About me - weinhof KOBLER weblog","og_description":"Sich selbst zu beschreiben ist f\u00fcr die allermeisten von uns sicherlich schwierig, und dabei bin ich keine Ausnahme. Zu ein paar Zugest\u00e4ndnissen bin ich aber trotzdem bereit, vielleicht erleichtern diese das Verst\u00e4ndnis meiner im Blog und sonst wo dargelegten Meinungen. &hellip; Weiterlesen &rarr;","og_url":"https:\/\/www.kobler-margreid.com\/blog\/ueber_mich\/","og_site_name":"weinhof KOBLER weblog","article_publisher":"https:\/\/www.facebook.com\/armin.kobler\/","article_modified_time":"2019-02-24T22:47:49+00:00","og_image":[{"url":"http:\/\/www.kobler-margreid.com\/blog\/wp-content\/2008\/03\/2007-09-29_19-07-29a5003.jpg","type":"","width":"","height":""}],"twitter_card":"summary_large_image","twitter_misc":{"Gesch\u00e4tzte Lesezeit":"4\u00a0Minuten"},"schema":{"@context":"https:\/\/schema.org","@graph":[{"@type":"WebPage","@id":"https:\/\/www.kobler-margreid.com\/blog\/ueber_mich\/","url":"https:\/\/www.kobler-margreid.com\/blog\/ueber_mich\/","name":"About me - weinhof KOBLER weblog","isPartOf":{"@id":"https:\/\/www.kobler-margreid.com\/blog\/#website"},"primaryImageOfPage":{"@id":"https:\/\/www.kobler-margreid.com\/blog\/ueber_mich\/#primaryimage"},"image":{"@id":"https:\/\/www.kobler-margreid.com\/blog\/ueber_mich\/#primaryimage"},"thumbnailUrl":"http:\/\/www.kobler-margreid.com\/blog\/wp-content\/2008\/03\/2007-09-29_19-07-29a5003.jpg","datePublished":"2008-01-03T15:33:39+00:00","dateModified":"2019-02-24T22:47:49+00:00","breadcrumb":{"@id":"https:\/\/www.kobler-margreid.com\/blog\/ueber_mich\/#breadcrumb"},"inLanguage":"de","potentialAction":[{"@type":"ReadAction","target":["https:\/\/www.kobler-margreid.com\/blog\/ueber_mich\/"]}]},{"@type":"ImageObject","inLanguage":"de","@id":"https:\/\/www.kobler-margreid.com\/blog\/ueber_mich\/#primaryimage","url":"http:\/\/www.kobler-margreid.com\/blog\/wp-content\/2008\/03\/2007-09-29_19-07-29a5003.jpg","contentUrl":"http:\/\/www.kobler-margreid.com\/blog\/wp-content\/2008\/03\/2007-09-29_19-07-29a5003.jpg"},{"@type":"BreadcrumbList","@id":"https:\/\/www.kobler-margreid.com\/blog\/ueber_mich\/#breadcrumb","itemListElement":[{"@type":"ListItem","position":1,"name":"Startseite","item":"https:\/\/www.kobler-margreid.com\/blog\/"},{"@type":"ListItem","position":2,"name":"About me"}]},{"@type":"WebSite","@id":"https:\/\/www.kobler-margreid.com\/blog\/#website","url":"https:\/\/www.kobler-margreid.com\/blog\/","name":"weinhof KOBLER weblog","description":"dem wein ganz nah \u2013 all&#039;interno del vino","publisher":{"@id":"https:\/\/www.kobler-margreid.com\/blog\/#\/schema\/person\/6a2290c17f680f59c1fa7e1c7a36df3a"},"potentialAction":[{"@type":"SearchAction","target":{"@type":"EntryPoint","urlTemplate":"https:\/\/www.kobler-margreid.com\/blog\/?s={search_term_string}"},"query-input":{"@type":"PropertyValueSpecification","valueRequired":true,"valueName":"search_term_string"}}],"inLanguage":"de"},{"@type":["Person","Organization"],"@id":"https:\/\/www.kobler-margreid.com\/blog\/#\/schema\/person\/6a2290c17f680f59c1fa7e1c7a36df3a","name":"armin kobler","image":{"@type":"ImageObject","inLanguage":"de","@id":"https:\/\/www.kobler-margreid.com\/blog\/wp-content\/2023\/11\/2012-05-08_09-33-03a.jpg","url":"https:\/\/www.kobler-margreid.com\/blog\/wp-content\/2023\/11\/2012-05-08_09-33-03a.jpg","contentUrl":"https:\/\/www.kobler-margreid.com\/blog\/wp-content\/2023\/11\/2012-05-08_09-33-03a.jpg","width":1088,"height":1184,"caption":"armin kobler"},"logo":{"@id":"https:\/\/www.kobler-margreid.com\/blog\/wp-content\/2023\/11\/2012-05-08_09-33-03a.jpg"},"sameAs":["http:\/\/www.kobler-margreid.com","https:\/\/www.facebook.com\/armin.kobler\/"]}]}},"_links":{"self":[{"href":"https:\/\/www.kobler-margreid.com\/blog\/wp-json\/wp\/v2\/pages\/2","targetHints":{"allow":["GET"]}}],"collection":[{"href":"https:\/\/www.kobler-margreid.com\/blog\/wp-json\/wp\/v2\/pages"}],"about":[{"href":"https:\/\/www.kobler-margreid.com\/blog\/wp-json\/wp\/v2\/types\/page"}],"author":[{"embeddable":true,"href":"https:\/\/www.kobler-margreid.com\/blog\/wp-json\/wp\/v2\/users\/1"}],"replies":[{"embeddable":true,"href":"https:\/\/www.kobler-margreid.com\/blog\/wp-json\/wp\/v2\/comments?post=2"}],"version-history":[{"count":0,"href":"https:\/\/www.kobler-margreid.com\/blog\/wp-json\/wp\/v2\/pages\/2\/revisions"}],"wp:attachment":[{"href":"https:\/\/www.kobler-margreid.com\/blog\/wp-json\/wp\/v2\/media?parent=2"}],"curies":[{"name":"wp","href":"https:\/\/api.w.org\/{rel}","templated":true}]}}